{"id":2247,"date":"2022-06-27T08:33:28","date_gmt":"2022-06-27T06:33:28","guid":{"rendered":"https:\/\/www.asspv.fr\/?page_id=2247"},"modified":"2026-03-04T17:05:04","modified_gmt":"2026-03-04T16:05:04","slug":"formateur-psc","status":"publish","type":"page","link":"https:\/\/www.asspv.fr\/index.php\/formateur-psc\/","title":{"rendered":"Formateur PSC"},"content":{"rendered":"\t\t<div data-elementor-type=\"wp-page\" data-elementor-id=\"2247\" class=\"elementor elementor-2247\" data-elementor-settings=\"{&quot;ha_cmc_init_switcher&quot;:&quot;no&quot;}\">\n\t\t\t\t\t\t<section class=\"elementor-section elementor-top-section elementor-element elementor-element-bc9149b elementor-section-boxed elementor-section-height-default elementor-section-height-default\" data-id=\"bc9149b\" data-element_type=\"section\" data-e-type=\"section\" data-settings=\"{&quot;_ha_eqh_enable&quot;:false}\">\n\t\t\t\t\t\t<div class=\"elementor-container elementor-column-gap-default\">\n\t\t\t\t\t<div class=\"elementor-column elementor-col-100 elementor-top-column elementor-element elementor-element-4fc4ba4\" data-id=\"4fc4ba4\" data-element_type=\"column\" data-e-type=\"column\">\n\t\t\t<div class=\"elementor-widget-wrap elementor-element-populated\">\n\t\t\t\t\t\t<div class=\"elementor-element elementor-element-2b29150 elementor-widget elementor-widget-progress\" data-id=\"2b29150\" data-element_type=\"widget\" data-e-type=\"widget\" data-widget_type=\"progress.default\">\n\t\t\t\t<div class=\"elementor-widget-container\">\n\t\t\t\t\t\n\t\t<div class=\"elementor-progress-wrapper\" role=\"progressbar\" aria-valuemin=\"0\" aria-valuemax=\"100\" aria-valuenow=\"100\" aria-valuetext=\"100% (FO PSC - Formateur en Premiers Secours Civique )\">\n\t\t\t<div class=\"elementor-progress-bar\" data-max=\"100\">\n\t\t\t\t<span class=\"elementor-progress-text\">FO PSC - Formateur en Premiers Secours Civique <\/span>\n\t\t\t\t\t\t\t<\/div>\n\t\t<\/div>\n\t\t\t\t\t\t<\/div>\n\t\t\t\t<\/div>\n\t\t\t\t\t<\/div>\n\t\t<\/div>\n\t\t\t\t\t<\/div>\n\t\t<\/section>\n\t\t\t\t<section class=\"elementor-section elementor-top-section elementor-element elementor-element-f514957 elementor-section-boxed elementor-section-height-default elementor-section-height-default\" data-id=\"f514957\" data-element_type=\"section\" data-e-type=\"section\" data-settings=\"{&quot;_ha_eqh_enable&quot;:false}\">\n\t\t\t\t\t\t<div class=\"elementor-container elementor-column-gap-default\">\n\t\t\t\t\t<div class=\"elementor-column elementor-col-100 elementor-top-column elementor-element elementor-element-4672db2\" data-id=\"4672db2\" data-element_type=\"column\" data-e-type=\"column\">\n\t\t\t<div class=\"elementor-widget-wrap elementor-element-populated\">\n\t\t\t\t\t\t<div class=\"elementor-element elementor-element-69a6a6d elementor-widget elementor-widget-heading\" data-id=\"69a6a6d\" data-element_type=\"widget\" data-e-type=\"widget\" data-widget_type=\"heading.default\">\n\t\t\t\t<div class=\"elementor-widget-container\">\n\t\t\t\t\t<h2 class=\"elementor-heading-title elementor-size-default\">Informations<\/h2>\t\t\t\t<\/div>\n\t\t\t\t<\/div>\n\t\t\t\t<div class=\"elementor-element elementor-element-b7a5689 elementor-widget-divider--view-line elementor-widget elementor-widget-divider\" data-id=\"b7a5689\" data-element_type=\"widget\" data-e-type=\"widget\" data-widget_type=\"divider.default\">\n\t\t\t\t<div class=\"elementor-widget-container\">\n\t\t\t\t\t\t\t<div class=\"elementor-divider\">\n\t\t\t<span class=\"elementor-divider-separator\">\n\t\t\t\t\t\t<\/span>\n\t\t<\/div>\n\t\t\t\t\t\t<\/div>\n\t\t\t\t<\/div>\n\t\t\t\t<div class=\"elementor-element elementor-element-1532139 elementor-invisible elementor-widget elementor-widget-text-editor\" data-id=\"1532139\" data-element_type=\"widget\" data-e-type=\"widget\" data-settings=\"{&quot;_animation&quot;:&quot;fadeIn&quot;}\" data-widget_type=\"text-editor.default\">\n\t\t\t\t<div class=\"elementor-widget-container\">\n\t\t\t\t\t\t\t\t\t<ul><li><span style=\"font-style: inherit; font-weight: inherit; color: var( --e-global-color-primary ); font-family: var( --e-global-typography-text-font-family ), Sans-serif; background-color: var(--ast-global-color-5);\">Formation de 50h r\u00e9parti sur 6 jours.\u00a0<\/span><\/li><li>Inclus une PIC F (p\u00e9dagogie Initiale et Commune de Formateur.<\/li><\/ul><ul><li>Ouvert \u00e0 toute personne souhaitant enseigner les gestes de secours destin\u00e9s au grand public.<\/li><li>Accessible \u00e0 toute personne majeure, d\u00e9tenant un certificat de comp\u00e9tences pr\u00e9vention et secours civiques de niveau 1 (PSC 1) datant de moins de trois ans \u00e0 la date d&rsquo;entr\u00e9e en formation.<\/li><\/ul>\t\t\t\t\t\t\t\t<\/div>\n\t\t\t\t<\/div>\n\t\t\t\t<div class=\"elementor-element elementor-element-3ce874f elementor-widget elementor-widget-heading\" data-id=\"3ce874f\" data-element_type=\"widget\" data-e-type=\"widget\" data-widget_type=\"heading.default\">\n\t\t\t\t<div class=\"elementor-widget-container\">\n\t\t\t\t\t<h2 class=\"elementor-heading-title elementor-size-default\">Description de la formation<\/h2>\t\t\t\t<\/div>\n\t\t\t\t<\/div>\n\t\t\t\t<div class=\"elementor-element elementor-element-55c64a5 elementor-widget-divider--view-line elementor-widget elementor-widget-divider\" data-id=\"55c64a5\" data-element_type=\"widget\" data-e-type=\"widget\" data-widget_type=\"divider.default\">\n\t\t\t\t<div class=\"elementor-widget-container\">\n\t\t\t\t\t\t\t<div class=\"elementor-divider\">\n\t\t\t<span class=\"elementor-divider-separator\">\n\t\t\t\t\t\t<\/span>\n\t\t<\/div>\n\t\t\t\t\t\t<\/div>\n\t\t\t\t<\/div>\n\t\t\t\t<div class=\"elementor-element elementor-element-c2e0032 elementor-widget elementor-widget-text-editor\" data-id=\"c2e0032\" data-element_type=\"widget\" data-e-type=\"widget\" data-widget_type=\"text-editor.default\">\n\t\t\t\t<div class=\"elementor-widget-container\">\n\t\t\t\t\t\t\t\t\t<p>L\u2019unit\u00e9 d\u2019enseignement p\u00e9dagogie appliqu\u00e9e \u00e0 l\u2019emploi de formateur en pr\u00e9vention et secours civiques a pour objectif de permettre \u00e0 l\u2019apprenant de contextualiser ses comp\u00e9tences de formateur, acquises ou en cours d\u2019acquisition, au domaine particulier de l\u2019enseignement \u00e0 la pr\u00e9vention des risques et \u00e0 l\u2019apprentissage des gestes \u00e9l\u00e9mentaires de secours.<\/p><p>En particulier, \u00e0 la fin de cette unit\u00e9 d\u2019enseignement, l\u2019apprenant doit \u00eatre capable, \u00e0 partir d\u2019un r\u00e9f\u00e9rentiel interne de formation et d\u2019un r\u00e9f\u00e9rentiel interne de certification, \u00e9labor\u00e9s et valid\u00e9s par une autorit\u00e9 d\u2019emploi, et en utilisant les comp\u00e9tences li\u00e9es \u00e0 l\u2019unit\u00e9 d\u2019enseignement p\u00e9dagogie initiale et commune de formateur telles que d\u00e9finies dans l\u2019arr\u00eat\u00e9 du 8 ao\u00fbt 2012 susvis\u00e9, de dispenser l\u2019enseignement relatif \u00e0 la pr\u00e9vention des risques et \u00e0 l\u2019apprentissage des proc\u00e9dures et des techniques relatives aux gestes \u00e9l\u00e9mentaires de secours.<\/p>\t\t\t\t\t\t\t\t<\/div>\n\t\t\t\t<\/div>\n\t\t\t\t<div class=\"elementor-element elementor-element-4437461 elementor-widget elementor-widget-spacer\" data-id=\"4437461\" data-element_type=\"widget\" data-e-type=\"widget\" data-widget_type=\"spacer.default\">\n\t\t\t\t<div class=\"elementor-widget-container\">\n\t\t\t\t\t\t\t<div class=\"elementor-spacer\">\n\t\t\t<div class=\"elementor-spacer-inner\"><\/div>\n\t\t<\/div>\n\t\t\t\t\t\t<\/div>\n\t\t\t\t<\/div>\n\t\t\t\t\t<\/div>\n\t\t<\/div>\n\t\t\t\t\t<\/div>\n\t\t<\/section>\n\t\t\t\t<section class=\"elementor-section elementor-top-section elementor-element elementor-element-831bd85 elementor-section-boxed elementor-section-height-default elementor-section-height-default\" data-id=\"831bd85\" data-element_type=\"section\" data-e-type=\"section\" data-settings=\"{&quot;_ha_eqh_enable&quot;:false}\">\n\t\t\t\t\t\t<div class=\"elementor-container elementor-column-gap-default\">\n\t\t\t\t\t<div class=\"elementor-column elementor-col-100 elementor-top-column elementor-element elementor-element-f4e0862\" data-id=\"f4e0862\" data-element_type=\"column\" data-e-type=\"column\">\n\t\t\t<div class=\"elementor-widget-wrap elementor-element-populated\">\n\t\t\t\t\t\t<div class=\"elementor-element elementor-element-8b46404 elementor-widget elementor-widget-heading\" data-id=\"8b46404\" data-element_type=\"widget\" data-e-type=\"widget\" data-widget_type=\"heading.default\">\n\t\t\t\t<div class=\"elementor-widget-container\">\n\t\t\t\t\t<h2 class=\"elementor-heading-title elementor-size-default\">Objectif de la formation<\/h2>\t\t\t\t<\/div>\n\t\t\t\t<\/div>\n\t\t\t\t<div class=\"elementor-element elementor-element-eb12306 elementor-widget-divider--view-line elementor-widget elementor-widget-divider\" data-id=\"eb12306\" data-element_type=\"widget\" data-e-type=\"widget\" data-widget_type=\"divider.default\">\n\t\t\t\t<div class=\"elementor-widget-container\">\n\t\t\t\t\t\t\t<div class=\"elementor-divider\">\n\t\t\t<span class=\"elementor-divider-separator\">\n\t\t\t\t\t\t<\/span>\n\t\t<\/div>\n\t\t\t\t\t\t<\/div>\n\t\t\t\t<\/div>\n\t\t\t\t\t<\/div>\n\t\t<\/div>\n\t\t\t\t\t<\/div>\n\t\t<\/section>\n\t\t\t\t<section class=\"elementor-section elementor-top-section elementor-element elementor-element-09c16b4 elementor-section-boxed elementor-section-height-default elementor-section-height-default\" data-id=\"09c16b4\" data-element_type=\"section\" data-e-type=\"section\" data-settings=\"{&quot;_ha_eqh_enable&quot;:false}\">\n\t\t\t\t\t\t<div class=\"elementor-container elementor-column-gap-default\">\n\t\t\t\t\t<div class=\"elementor-column elementor-col-50 elementor-top-column elementor-element elementor-element-1bb0641\" data-id=\"1bb0641\" data-element_type=\"column\" data-e-type=\"column\">\n\t\t\t<div class=\"elementor-widget-wrap elementor-element-populated\">\n\t\t\t\t\t\t<div class=\"elementor-element elementor-element-d30f076 elementor-widget elementor-widget-text-editor\" data-id=\"d30f076\" data-element_type=\"widget\" data-e-type=\"widget\" data-widget_type=\"text-editor.default\">\n\t\t\t\t<div class=\"elementor-widget-container\">\n\t\t\t\t\t\t\t\t\t<p>L\u2019unit\u00e9 d\u2019enseignement p\u00e9dagogie appliqu\u00e9e \u00e0 l\u2019emploi de formateur en pr\u00e9vention et secours civiques a pour objectif :<\/p>\t\t\t\t\t\t\t\t<\/div>\n\t\t\t\t<\/div>\n\t\t\t\t<div class=\"elementor-element elementor-element-b772c58 elementor-icon-list--layout-traditional elementor-list-item-link-full_width elementor-widget elementor-widget-icon-list\" data-id=\"b772c58\" data-element_type=\"widget\" data-e-type=\"widget\" data-widget_type=\"icon-list.default\">\n\t\t\t\t<div class=\"elementor-widget-container\">\n\t\t\t\t\t\t\t<ul class=\"elementor-icon-list-items\">\n\t\t\t\t\t\t\t<li class=\"elementor-icon-list-item\">\n\t\t\t\t\t\t\t\t\t\t\t<span class=\"elementor-icon-list-icon\">\n\t\t\t\t\t\t\t<i aria-hidden=\"true\" class=\"fas fa-chevron-circle-right\"><\/i>\t\t\t\t\t\t<\/span>\n\t\t\t\t\t\t\t\t\t\t<span class=\"elementor-icon-list-text\">Organiser une s\u00e9quence de formation<\/span>\n\t\t\t\t\t\t\t\t\t<\/li>\n\t\t\t\t\t\t\t\t<li class=\"elementor-icon-list-item\">\n\t\t\t\t\t\t\t\t\t\t\t<span class=\"elementor-icon-list-icon\">\n\t\t\t\t\t\t\t<i aria-hidden=\"true\" class=\"fas fa-chevron-circle-right\"><\/i>\t\t\t\t\t\t<\/span>\n\t\t\t\t\t\t\t\t\t\t<span class=\"elementor-icon-list-text\">R\u00e9aliser, commenter et justifier les gestes et conduites \u00e0 tenir de la formation aux premiers secours.<\/span>\n\t\t\t\t\t\t\t\t\t<\/li>\n\t\t\t\t\t\t\t\t<li class=\"elementor-icon-list-item\">\n\t\t\t\t\t\t\t\t\t\t\t<span class=\"elementor-icon-list-icon\">\n\t\t\t\t\t\t\t<i aria-hidden=\"true\" class=\"fas fa-chevron-circle-right\"><\/i>\t\t\t\t\t\t<\/span>\n\t\t\t\t\t\t\t\t\t\t<span class=\"elementor-icon-list-text\">Mettre en \u0153uvre des techniques p\u00e9dagogiques adapt\u00e9es pour animer un module de formation.<\/span>\n\t\t\t\t\t\t\t\t\t<\/li>\n\t\t\t\t\t\t\t\t<li class=\"elementor-icon-list-item\">\n\t\t\t\t\t\t\t\t\t\t\t<span class=\"elementor-icon-list-icon\">\n\t\t\t\t\t\t\t<i aria-hidden=\"true\" class=\"fas fa-chevron-circle-right\"><\/i>\t\t\t\t\t\t<\/span>\n\t\t\t\t\t\t\t\t\t\t<span class=\"elementor-icon-list-text\">R\u00e9aliser une \u00e9valuation formative des participants.<\/span>\n\t\t\t\t\t\t\t\t\t<\/li>\n\t\t\t\t\t\t<\/ul>\n\t\t\t\t\t\t<\/div>\n\t\t\t\t<\/div>\n\t\t\t\t\t<\/div>\n\t\t<\/div>\n\t\t\t\t<div class=\"elementor-column elementor-col-50 elementor-top-column elementor-element elementor-element-89d7e22\" data-id=\"89d7e22\" data-element_type=\"column\" data-e-type=\"column\">\n\t\t\t<div class=\"elementor-widget-wrap elementor-element-populated\">\n\t\t\t\t\t\t<div class=\"elementor-element elementor-element-91a8b00 elementor-invisible elementor-widget elementor-widget-image\" data-id=\"91a8b00\" data-element_type=\"widget\" data-e-type=\"widget\" data-settings=\"{&quot;_animation&quot;:&quot;zoomIn&quot;}\" data-widget_type=\"image.default\">\n\t\t\t\t<div class=\"elementor-widget-container\">\n\t\t\t\t\t\t\t\t\t\t\t\t\t\t\t<img fetchpriority=\"high\" decoding=\"async\" width=\"300\" height=\"226\" src=\"https:\/\/www.asspv.fr\/wp-content\/uploads\/2023\/11\/WhatsApp-Image-2023-03-15-at-09.09.12-min-300x226.jpeg\" class=\"attachment-medium size-medium wp-image-2607\" alt=\"\" srcset=\"https:\/\/www.asspv.fr\/wp-content\/uploads\/2023\/11\/WhatsApp-Image-2023-03-15-at-09.09.12-min-300x226.jpeg 300w, https:\/\/www.asspv.fr\/wp-content\/uploads\/2023\/11\/WhatsApp-Image-2023-03-15-at-09.09.12-min-1024x771.jpeg 1024w, https:\/\/www.asspv.fr\/wp-content\/uploads\/2023\/11\/WhatsApp-Image-2023-03-15-at-09.09.12-min-768x578.jpeg 768w, https:\/\/www.asspv.fr\/wp-content\/uploads\/2023\/11\/WhatsApp-Image-2023-03-15-at-09.09.12-min-1536x1157.jpeg 1536w, https:\/\/www.asspv.fr\/wp-content\/uploads\/2023\/11\/WhatsApp-Image-2023-03-15-at-09.09.12-min.jpeg 2040w\" sizes=\"(max-width: 300px) 100vw, 300px\" \/>\t\t\t\t\t\t\t\t\t\t\t\t\t\t\t<\/div>\n\t\t\t\t<\/div>\n\t\t\t\t<div class=\"elementor-element elementor-element-8e50035 elementor-widget elementor-widget-spacer\" data-id=\"8e50035\" data-element_type=\"widget\" data-e-type=\"widget\" data-widget_type=\"spacer.default\">\n\t\t\t\t<div class=\"elementor-widget-container\">\n\t\t\t\t\t\t\t<div class=\"elementor-spacer\">\n\t\t\t<div class=\"elementor-spacer-inner\"><\/div>\n\t\t<\/div>\n\t\t\t\t\t\t<\/div>\n\t\t\t\t<\/div>\n\t\t\t\t\t<\/div>\n\t\t<\/div>\n\t\t\t\t\t<\/div>\n\t\t<\/section>\n\t\t\t\t<section class=\"elementor-section elementor-top-section elementor-element elementor-element-167a5c7 elementor-section-boxed elementor-section-height-default elementor-section-height-default\" data-id=\"167a5c7\" data-element_type=\"section\" data-e-type=\"section\" data-settings=\"{&quot;_ha_eqh_enable&quot;:false}\">\n\t\t\t\t\t\t<div class=\"elementor-container elementor-column-gap-default\">\n\t\t\t\t\t<div class=\"elementor-column elementor-col-100 elementor-top-column elementor-element elementor-element-c5e64dc\" data-id=\"c5e64dc\" data-element_type=\"column\" data-e-type=\"column\">\n\t\t\t<div class=\"elementor-widget-wrap elementor-element-populated\">\n\t\t\t\t\t\t<div class=\"elementor-element elementor-element-9526027 elementor-widget elementor-widget-heading\" data-id=\"9526027\" data-element_type=\"widget\" data-e-type=\"widget\" data-widget_type=\"heading.default\">\n\t\t\t\t<div class=\"elementor-widget-container\">\n\t\t\t\t\t<h2 class=\"elementor-heading-title elementor-size-default\">Contenu de la formation<\/h2>\t\t\t\t<\/div>\n\t\t\t\t<\/div>\n\t\t\t\t<div class=\"elementor-element elementor-element-0350f20 elementor-widget-divider--view-line elementor-widget elementor-widget-divider\" data-id=\"0350f20\" data-element_type=\"widget\" data-e-type=\"widget\" data-widget_type=\"divider.default\">\n\t\t\t\t<div class=\"elementor-widget-container\">\n\t\t\t\t\t\t\t<div class=\"elementor-divider\">\n\t\t\t<span class=\"elementor-divider-separator\">\n\t\t\t\t\t\t<\/span>\n\t\t<\/div>\n\t\t\t\t\t\t<\/div>\n\t\t\t\t<\/div>\n\t\t\t\t<div class=\"elementor-element elementor-element-96d66c5 elementor-widget elementor-widget-spacer\" data-id=\"96d66c5\" data-element_type=\"widget\" data-e-type=\"widget\" data-widget_type=\"spacer.default\">\n\t\t\t\t<div class=\"elementor-widget-container\">\n\t\t\t\t\t\t\t<div class=\"elementor-spacer\">\n\t\t\t<div class=\"elementor-spacer-inner\"><\/div>\n\t\t<\/div>\n\t\t\t\t\t\t<\/div>\n\t\t\t\t<\/div>\n\t\t\t\t<div class=\"elementor-element elementor-element-0665d29 elementor-align-start elementor-icon-list--layout-traditional elementor-list-item-link-full_width elementor-widget elementor-widget-icon-list\" data-id=\"0665d29\" data-element_type=\"widget\" data-e-type=\"widget\" data-widget_type=\"icon-list.default\">\n\t\t\t\t<div class=\"elementor-widget-container\">\n\t\t\t\t\t\t\t<ul class=\"elementor-icon-list-items\">\n\t\t\t\t\t\t\t<li class=\"elementor-icon-list-item\">\n\t\t\t\t\t\t\t\t\t\t\t<span class=\"elementor-icon-list-icon\">\n\t\t\t\t\t\t\t<i aria-hidden=\"true\" class=\"fas fa-chevron-circle-right\"><\/i>\t\t\t\t\t\t<\/span>\n\t\t\t\t\t\t\t\t\t\t<span class=\"elementor-icon-list-text\">D\u2019\u00e9valuer le niveau des connaissances acquises et celles restant \u00e0 acqu\u00e9rir par les apprenants, en utilisant un support p\u00e9dagogique et en favorisant leur expression, pour \u00e9tablir les liens avec les savoirs ant\u00e9rieurs et adapter les activit\u00e9s suivants.<\/span>\n\t\t\t\t\t\t\t\t\t<\/li>\n\t\t\t\t\t\t\t\t<li class=\"elementor-icon-list-item\">\n\t\t\t\t\t\t\t\t\t\t\t<span class=\"elementor-icon-list-icon\">\n\t\t\t\t\t\t\t<i aria-hidden=\"true\" class=\"fas fa-chevron-circle-right\"><\/i>\t\t\t\t\t\t<\/span>\n\t\t\t\t\t\t\t\t\t\t<span class=\"elementor-icon-list-text\">D\u2019apporter des connaissances structur\u00e9es :<\/span>\n\t\t\t\t\t\t\t\t\t<\/li>\n\t\t\t\t\t\t\t\t<li class=\"elementor-icon-list-item\">\n\t\t\t\t\t\t\t\t\t\t\t<span class=\"elementor-icon-list-icon\">\n\t\t\t\t\t\t\t<i aria-hidden=\"true\" class=\"fas fa-chevron-right\"><\/i>\t\t\t\t\t\t<\/span>\n\t\t\t\t\t\t\t\t\t\t<span class=\"elementor-icon-list-text\">En utilisant un support p\u00e9dagogique et en respectant les r\u00e8gles de communication, pour faciliter la compr\u00e9hension des apprenants et la construction des savoirs.<\/span>\n\t\t\t\t\t\t\t\t\t<\/li>\n\t\t\t\t\t\t\t\t<li class=\"elementor-icon-list-item\">\n\t\t\t\t\t\t\t\t\t\t\t<span class=\"elementor-icon-list-icon\">\n\t\t\t\t\t\t\t<i aria-hidden=\"true\" class=\"fas fa-chevron-right\"><\/i>\t\t\t\t\t\t<\/span>\n\t\t\t\t\t\t\t\t\t\t<span class=\"elementor-icon-list-text\"> En explorant les savoirs ant\u00e9rieurs, \u00e9ventuellement \u00e0 l\u2019aide d\u2019un support p\u00e9dagogique, pour permettre d\u2019\u00e9tablir les liens avec les acquis et faciliter la compr\u00e9hension des apprenants.<\/span>\n\t\t\t\t\t\t\t\t\t<\/li>\n\t\t\t\t\t\t\t\t<li class=\"elementor-icon-list-item\">\n\t\t\t\t\t\t\t\t\t\t\t<span class=\"elementor-icon-list-icon\">\n\t\t\t\t\t\t\t<i aria-hidden=\"true\" class=\"fas fa-chevron-right\"><\/i>\t\t\t\t\t\t<\/span>\n\t\t\t\t\t\t\t\t\t\t<span class=\"elementor-icon-list-text\">En d\u00e9montrant ou en dirigeant, en expliquant, en justifiant et en v\u00e9rifiant la compr\u00e9hension des apprenants, pour leur faire acqu\u00e9rir des techniques, des proc\u00e9dures et l\u2019usage de mat\u00e9riels.<\/span>\n\t\t\t\t\t\t\t\t\t<\/li>\n\t\t\t\t\t\t\t\t<li class=\"elementor-icon-list-item\">\n\t\t\t\t\t\t\t\t\t\t\t<span class=\"elementor-icon-list-icon\">\n\t\t\t\t\t\t\t<i aria-hidden=\"true\" class=\"fas fa-chevron-circle-right\"><\/i>\t\t\t\t\t\t<\/span>\n\t\t\t\t\t\t\t\t\t\t<span class=\"elementor-icon-list-text\">D\u2019organiser l\u2019apprentissage des apprenants, en constituant des groupes, en contr\u00f4lant et en corrigeant si n\u00e9cessaire les techniques et les proc\u00e9dures, pour permettre leur acquisition ou leur approfondissement.<\/span>\n\t\t\t\t\t\t\t\t\t<\/li>\n\t\t\t\t\t\t\t\t<li class=\"elementor-icon-list-item\">\n\t\t\t\t\t\t\t\t\t\t\t<span class=\"elementor-icon-list-icon\">\n\t\t\t\t\t\t\t<i aria-hidden=\"true\" class=\"fas fa-chevron-circle-right\"><\/i>\t\t\t\t\t\t<\/span>\n\t\t\t\t\t\t\t\t\t\t<span class=\"elementor-icon-list-text\">De placer les apprenants dans une situation proche de la r\u00e9alit\u00e9, en mettant en \u0153uvre une simulation et en utilisant une \u00e9valuation formative, pour permettre \u00e0 l\u2019apprenant de mettre en \u0153uvre les techniques apprises et de s\u2019approprier les proc\u00e9dures.<\/span>\n\t\t\t\t\t\t\t\t\t<\/li>\n\t\t\t\t\t\t\t\t<li class=\"elementor-icon-list-item\">\n\t\t\t\t\t\t\t\t\t\t\t<span class=\"elementor-icon-list-icon\">\n\t\t\t\t\t\t\t<i aria-hidden=\"true\" class=\"fas fa-chevron-circle-right\"><\/i>\t\t\t\t\t\t<\/span>\n\t\t\t\t\t\t\t\t\t\t<span class=\"elementor-icon-list-text\">De placer l\u2019apprenant dans une situation de travail de groupe, en l\u2019organisant et en donnant les consignes n\u00e9cessaires, pour faciliter le partage et le transfert des connaissances.<\/span>\n\t\t\t\t\t\t\t\t\t<\/li>\n\t\t\t\t\t\t\t\t<li class=\"elementor-icon-list-item\">\n\t\t\t\t\t\t\t\t\t\t\t<span class=\"elementor-icon-list-icon\">\n\t\t\t\t\t\t\t<i aria-hidden=\"true\" class=\"fas fa-chevron-circle-right\"><\/i>\t\t\t\t\t\t<\/span>\n\t\t\t\t\t\t\t\t\t\t<span class=\"elementor-icon-list-text\">De suivre un r\u00e9f\u00e9rentiel interne de formation et d\u2019adapter si n\u00e9cessaire les activit\u00e9s, en prenant en compte l\u2019\u00e9volution de son groupe, afin de faciliter l\u2019acquisition des connaissances, des proc\u00e9dures et des techniques par l\u2019apprenant, pour lui permettre d\u2019atteindre l\u2019ensemble des objectifs du r\u00e9f\u00e9rentiel.<\/span>\n\t\t\t\t\t\t\t\t\t<\/li>\n\t\t\t\t\t\t\t\t<li class=\"elementor-icon-list-item\">\n\t\t\t\t\t\t\t\t\t\t\t<span class=\"elementor-icon-list-icon\">\n\t\t\t\t\t\t\t<i aria-hidden=\"true\" class=\"fas fa-chevron-circle-right\"><\/i>\t\t\t\t\t\t<\/span>\n\t\t\t\t\t\t\t\t\t\t<span class=\"elementor-icon-list-text\">D\u2019\u00e9valuer l\u2019apprenant, en utilisant diff\u00e9rents types d\u2019\u00e9valuation et d\u2019outils pertinents, pour lui permettre de se situer dans la formation, pour mesurer le niveau d\u2019atteinte de l\u2019objectif ou pour d\u00e9cider de sa certification.<\/span>\n\t\t\t\t\t\t\t\t\t<\/li>\n\t\t\t\t\t\t\t\t<li class=\"elementor-icon-list-item\">\n\t\t\t\t\t\t\t\t\t\t\t<span class=\"elementor-icon-list-icon\">\n\t\t\t\t\t\t\t<i aria-hidden=\"true\" class=\"fas fa-chevron-circle-right\"><\/i>\t\t\t\t\t\t<\/span>\n\t\t\t\t\t\t\t\t\t\t<span class=\"elementor-icon-list-text\">De s\u2019auto\u00e9valuer dans son r\u00f4le de formateur, en portant un regard critique sur ses actions de formation, pour maintenir et d\u00e9velopper ses comp\u00e9tences.<\/span>\n\t\t\t\t\t\t\t\t\t<\/li>\n\t\t\t\t\t\t\t\t<li class=\"elementor-icon-list-item\">\n\t\t\t\t\t\t\t\t\t\t\t<span class=\"elementor-icon-list-icon\">\n\t\t\t\t\t\t\t<i aria-hidden=\"true\" class=\"fas fa-chevron-circle-right\"><\/i>\t\t\t\t\t\t<\/span>\n\t\t\t\t\t\t\t\t\t\t<span class=\"elementor-icon-list-text\">D\u2019\u00e9tablir une communication dans le cadre de la formation, en agissant sur les diff\u00e9rents \u00e9l\u00e9ments de la communication, pour cr\u00e9er une relation p\u00e9dagogique avec les apprenants et favoriser leurs apprentissages.<\/span>\n\t\t\t\t\t\t\t\t\t<\/li>\n\t\t\t\t\t\t\t\t<li class=\"elementor-icon-list-item\">\n\t\t\t\t\t\t\t\t\t\t\t<span class=\"elementor-icon-list-icon\">\n\t\t\t\t\t\t\t<i aria-hidden=\"true\" class=\"fas fa-chevron-circle-right\"><\/i>\t\t\t\t\t\t<\/span>\n\t\t\t\t\t\t\t\t\t\t<span class=\"elementor-icon-list-text\">D\u2019adapter sa posture, en ma\u00eetrisant le contexte juridique ainsi que les r\u00e8gles \u00e9tablies pas son autorit\u00e9 d\u2019emploi, pour respecter et adapter la conduite de ses formations.<\/span>\n\t\t\t\t\t\t\t\t\t<\/li>\n\t\t\t\t\t\t\t\t<li class=\"elementor-icon-list-item\">\n\t\t\t\t\t\t\t\t\t\t\t<span class=\"elementor-icon-list-icon\">\n\t\t\t\t\t\t\t<i aria-hidden=\"true\" class=\"fas fa-chevron-circle-right\"><\/i>\t\t\t\t\t\t<\/span>\n\t\t\t\t\t\t\t\t\t\t<span class=\"elementor-icon-list-text\">De g\u00e9rer la mise en place d\u2019une formation, en respectant le cadre juridique, les proc\u00e9dures particuli\u00e8res \u00e0 l\u2019autorit\u00e9 d\u2019emploi, les contraintes logistiques et les aspects administratifs, pour r\u00e9pondre aux besoins.<\/span>\n\t\t\t\t\t\t\t\t\t<\/li>\n\t\t\t\t\t\t\t\t<li class=\"elementor-icon-list-item\">\n\t\t\t\t\t\t\t\t\t\t\t<span class=\"elementor-icon-list-icon\">\n\t\t\t\t\t\t\t<i aria-hidden=\"true\" class=\"fas fa-chevron-circle-right\"><\/i>\t\t\t\t\t\t<\/span>\n\t\t\t\t\t\t\t\t\t\t<span class=\"elementor-icon-list-text\">De positionner le groupe en situation d\u2019apprentissage, en prenant en compte les dites conditions, pour faciliter l\u2019acquisition des savoirs.<\/span>\n\t\t\t\t\t\t\t\t\t<\/li>\n\t\t\t\t\t\t\t\t<li class=\"elementor-icon-list-item\">\n\t\t\t\t\t\t\t\t\t\t\t<span class=\"elementor-icon-list-icon\">\n\t\t\t\t\t\t\t<i aria-hidden=\"true\" class=\"fas fa-chevron-circle-right\"><\/i>\t\t\t\t\t\t<\/span>\n\t\t\t\t\t\t\t\t\t\t<span class=\"elementor-icon-list-text\">De g\u00e9rer les comportements et les attitudes au sein du groupe, en utilisant les techniques de dynamique de groupe et de gestion des conflits, pour favoriser et faciliter la production et l\u2019apprentissage.<\/span>\n\t\t\t\t\t\t\t\t\t<\/li>\n\t\t\t\t\t\t\t\t<li class=\"elementor-icon-list-item\">\n\t\t\t\t\t\t\t\t\t\t\t<span class=\"elementor-icon-list-icon\">\n\t\t\t\t\t\t\t<i aria-hidden=\"true\" class=\"fas fa-chevron-circle-right\"><\/i>\t\t\t\t\t\t<\/span>\n\t\t\t\t\t\t\t\t\t\t<span class=\"elementor-icon-list-text\">D\u2019utiliser les diff\u00e9rents outils de communication et de cr\u00e9er les supports p\u00e9dagogiques adapt\u00e9s, en respectant les r\u00e8gles d\u2019utilisation des outils, des crit\u00e8res pertinents de cr\u00e9ation et d\u2019utilisation de ces supports et les principes g\u00e9n\u00e9raux de la communication, pour renforcer le message p\u00e9dagogique et faciliter la compr\u00e9hension et l\u2019acquisition des savoirs.<\/span>\n\t\t\t\t\t\t\t\t\t<\/li>\n\t\t\t\t\t\t<\/ul>\n\t\t\t\t\t\t<\/div>\n\t\t\t\t<\/div>\n\t\t\t\t\t<\/div>\n\t\t<\/div>\n\t\t\t\t\t<\/div>\n\t\t<\/section>\n\t\t\t\t<section class=\"elementor-section elementor-top-section elementor-element elementor-element-3ad9aac elementor-section-boxed elementor-section-height-default elementor-section-height-default\" data-id=\"3ad9aac\" data-element_type=\"section\" data-e-type=\"section\" data-settings=\"{&quot;_ha_eqh_enable&quot;:false}\">\n\t\t\t\t\t\t<div class=\"elementor-container elementor-column-gap-default\">\n\t\t\t\t\t<div class=\"elementor-column elementor-col-100 elementor-top-column elementor-element elementor-element-159aa43\" data-id=\"159aa43\" data-element_type=\"column\" data-e-type=\"column\">\n\t\t\t<div class=\"elementor-widget-wrap elementor-element-populated\">\n\t\t\t\t\t\t<div class=\"elementor-element elementor-element-a186d87 elementor-widget elementor-widget-spacer\" data-id=\"a186d87\" data-element_type=\"widget\" data-e-type=\"widget\" data-widget_type=\"spacer.default\">\n\t\t\t\t<div class=\"elementor-widget-container\">\n\t\t\t\t\t\t\t<div class=\"elementor-spacer\">\n\t\t\t<div class=\"elementor-spacer-inner\"><\/div>\n\t\t<\/div>\n\t\t\t\t\t\t<\/div>\n\t\t\t\t<\/div>\n\t\t\t\t\t<\/div>\n\t\t<\/div>\n\t\t\t\t\t<\/div>\n\t\t<\/section>\n\t\t\t\t<section class=\"elementor-section elementor-top-section elementor-element elementor-element-c5dad36 elementor-section-boxed elementor-section-height-default elementor-section-height-default\" data-id=\"c5dad36\" data-element_type=\"section\" data-e-type=\"section\" data-settings=\"{&quot;_ha_eqh_enable&quot;:false}\">\n\t\t\t\t\t\t<div class=\"elementor-container elementor-column-gap-default\">\n\t\t\t\t\t<div class=\"elementor-column elementor-col-50 elementor-top-column elementor-element elementor-element-2e8722b\" data-id=\"2e8722b\" data-element_type=\"column\" data-e-type=\"column\">\n\t\t\t<div class=\"elementor-widget-wrap elementor-element-populated\">\n\t\t\t\t\t\t<div class=\"elementor-element elementor-element-b1869ef elementor-widget elementor-widget-heading\" data-id=\"b1869ef\" data-element_type=\"widget\" data-e-type=\"widget\" data-widget_type=\"heading.default\">\n\t\t\t\t<div class=\"elementor-widget-container\">\n\t\t\t\t\t<h3 class=\"elementor-heading-title elementor-size-default\">Modalit\u00e9s p\u00e9dagogique, d'\u00e9valuation et de suivi<\/h3>\t\t\t\t<\/div>\n\t\t\t\t<\/div>\n\t\t\t\t<div class=\"elementor-element elementor-element-446459a elementor-widget-divider--view-line elementor-widget elementor-widget-divider\" data-id=\"446459a\" data-element_type=\"widget\" data-e-type=\"widget\" data-widget_type=\"divider.default\">\n\t\t\t\t<div class=\"elementor-widget-container\">\n\t\t\t\t\t\t\t<div class=\"elementor-divider\">\n\t\t\t<span class=\"elementor-divider-separator\">\n\t\t\t\t\t\t<\/span>\n\t\t<\/div>\n\t\t\t\t\t\t<\/div>\n\t\t\t\t<\/div>\n\t\t\t\t<div class=\"elementor-element elementor-element-4fc8e47 elementor-widget elementor-widget-text-editor\" data-id=\"4fc8e47\" data-element_type=\"widget\" data-e-type=\"widget\" data-widget_type=\"text-editor.default\">\n\t\t\t\t<div class=\"elementor-widget-container\">\n\t\t\t\t\t\t\t\t\t<div class=\"subcategory\">\n<h3 class=\"subcategory__header\">R\u00e9sultats attendus \u00e0 l&rsquo;issue de la formation<\/h3>\n<ul>\n<li>L&rsquo;apprenant : \u2022 A suivi toutes les s\u00e9quences de formation relatives \u00e0 l\u2019acquisition des connaissances li\u00e9es aux comp\u00e9tences d\u00e9finies en annexe I de l\u2019arr\u00eat\u00e9 du 8 ao\u00fbt 2012. \u2022 Ma\u00eetrise les proc\u00e9dures et les techniques relatives aux gestes \u00e9l\u00e9mentaires de secours.<\/li>\n<\/ul>\n<\/div>\n<div class=\"subcategory\">\n<h3 class=\"subcategory__header\">Modalit\u00e9 d&rsquo;obtention<\/h3>\n<ul>\n<li>Attestation de formation relative \u00e0 l&rsquo;UE \u00ab\u00a0p\u00e9dagogie initiale et commune de formateur\u00a0\u00bb. Certificat de comp\u00e9tences de formateur PSC1<\/li>\n<\/ul>\n<\/div>\n<div class=\"subcategory\">\n<h3 class=\"subcategory__header\">D\u00e9tails sur la certification<\/h3>\n<ul>\n<li>D\u00e9bouch\u00e9s : formateur Premiers Secours en Equipe (PAEF PS)<\/li>\n<\/ul>\n<\/div>\n<div class=\"subcategory\">\n<h3 class=\"subcategory__header\" style=\"padding-left: 40px;\">Dur\u00e9e de validit\u00e9<\/h3>\n<ul>\n<li>1 an<\/li>\n<\/ul>\n<div>Formation dispens\u00e9e par une \u00e9quipe p\u00e9dagogique titulaire de la comp\u00e9tence formateur de formateurs (FDF) et concepteur (CEAF)<\/div>\n<\/div>\t\t\t\t\t\t\t\t<\/div>\n\t\t\t\t<\/div>\n\t\t\t\t\t<\/div>\n\t\t<\/div>\n\t\t\t\t<div class=\"elementor-column elementor-col-50 elementor-top-column elementor-element elementor-element-7cdb8d4 elementor-invisible\" data-id=\"7cdb8d4\" data-element_type=\"column\" data-e-type=\"column\" data-settings=\"{&quot;animation&quot;:&quot;fadeIn&quot;}\">\n\t\t\t<div class=\"elementor-widget-wrap elementor-element-populated\">\n\t\t\t\t\t\t<div class=\"elementor-element elementor-element-28af8cc elementor-widget elementor-widget-heading\" data-id=\"28af8cc\" data-element_type=\"widget\" data-e-type=\"widget\" data-widget_type=\"heading.default\">\n\t\t\t\t<div class=\"elementor-widget-container\">\n\t\t\t\t\t<h3 class=\"elementor-heading-title elementor-size-default\">Supports p\u00e9dagogiques<\/h3>\t\t\t\t<\/div>\n\t\t\t\t<\/div>\n\t\t\t\t<div class=\"elementor-element elementor-element-672cd41 elementor-widget-divider--view-line elementor-widget elementor-widget-divider\" data-id=\"672cd41\" data-element_type=\"widget\" data-e-type=\"widget\" data-widget_type=\"divider.default\">\n\t\t\t\t<div class=\"elementor-widget-container\">\n\t\t\t\t\t\t\t<div class=\"elementor-divider\">\n\t\t\t<span class=\"elementor-divider-separator\">\n\t\t\t\t\t\t<\/span>\n\t\t<\/div>\n\t\t\t\t\t\t<\/div>\n\t\t\t\t<\/div>\n\t\t\t\t<div class=\"elementor-element elementor-element-815329d elementor-widget elementor-widget-toggle\" data-id=\"815329d\" data-element_type=\"widget\" data-e-type=\"widget\" data-widget_type=\"toggle.default\">\n\t\t\t\t<div class=\"elementor-widget-container\">\n\t\t\t\t\t\t\t<div class=\"elementor-toggle\">\n\t\t\t\t\t\t\t<div class=\"elementor-toggle-item\">\n\t\t\t\t\t<div id=\"elementor-tab-title-1351\" class=\"elementor-tab-title\" data-tab=\"1\" role=\"button\" aria-controls=\"elementor-tab-content-1351\" aria-expanded=\"false\">\n\t\t\t\t\t\t\t\t\t\t\t\t<span class=\"elementor-toggle-icon elementor-toggle-icon-left\" aria-hidden=\"true\">\n\t\t\t\t\t\t\t\t\t\t\t\t\t\t\t<span class=\"elementor-toggle-icon-closed\"><i class=\"fas fa-caret-right\"><\/i><\/span>\n\t\t\t\t\t\t\t\t<span class=\"elementor-toggle-icon-opened\"><i class=\"elementor-toggle-icon-opened fas fa-caret-up\"><\/i><\/span>\n\t\t\t\t\t\t\t\t\t\t\t\t\t<\/span>\n\t\t\t\t\t\t\t\t\t\t\t\t<a class=\"elementor-toggle-title\" tabindex=\"0\">\u00c9crit et visuel<\/a>\n\t\t\t\t\t<\/div>\n\n\t\t\t\t\t<div id=\"elementor-tab-content-1351\" class=\"elementor-tab-content elementor-clearfix\" data-tab=\"1\" role=\"region\" aria-labelledby=\"elementor-tab-title-1351\"><ul><li>Diaporama de la F\u00e9d\u00e9ration Fran\u00e7aise de Sauvetage et de Secourisme.<\/li><li>Livret PSC 1<\/li><li>Recommandations de la DGSCGC<\/li><\/ul><\/div>\n\t\t\t\t<\/div>\n\t\t\t\t\t\t\t\t<\/div>\n\t\t\t\t\t\t<\/div>\n\t\t\t\t<\/div>\n\t\t\t\t<div class=\"elementor-element elementor-element-c9a33f2 elementor-invisible elementor-widget elementor-widget-ha-photo-stack happy-addon ha-photo-stack\" data-id=\"c9a33f2\" data-element_type=\"widget\" data-e-type=\"widget\" data-settings=\"{&quot;_animation&quot;:&quot;zoomIn&quot;}\" data-widget_type=\"ha-photo-stack.default\">\n\t\t\t\t<div class=\"elementor-widget-container\">\n\t\t\t\t\t\n        <div class=\"ha-photo-stack-wrapper\">\n                                                    <div class=\"ha-photo-stack-item elementor-repeater-item-cfb1b53 ha-bounce-sm\">\n                        \n                        <img decoding=\"async\" src=\"https:\/\/www.asspv.fr\/wp-content\/uploads\/2022\/06\/PAE-3-219x300.png\" class=\"scale-sm ha-photo-stack-img\" alt=\"\"\/>\n                                            <\/div>\n                                    <\/div>\n\n\n        \t\t\t\t<\/div>\n\t\t\t\t<\/div>\n\t\t\t\t\t<\/div>\n\t\t<\/div>\n\t\t\t\t\t<\/div>\n\t\t<\/section>\n\t\t\t\t<\/div>\n\t\t","protected":false},"excerpt":{"rendered":"<p>FO PSC &#8211; Formateur en Premiers Secours Civique Informations Formation de 50h r\u00e9parti sur 6 jours.\u00a0 Inclus une PIC F (p\u00e9dagogie Initiale et Commune de Formateur. Ouvert \u00e0 toute personne souhaitant enseigner les gestes de secours destin\u00e9s au grand public. Accessible \u00e0 toute personne majeure, d\u00e9tenant un certificat de comp\u00e9tences pr\u00e9vention et secours civiques de [&hellip;]<\/p>\n","protected":false},"author":1,"featured_media":0,"parent":0,"menu_order":0,"comment_status":"closed","ping_status":"closed","template":"","meta":{"site-sidebar-layout":"no-sidebar","site-content-layout":"page-builder","ast-site-content-layout":"","site-content-style":"default","site-sidebar-style":"default","ast-global-header-display":"","ast-banner-title-visibility":"","ast-main-header-display":"","ast-hfb-above-header-display":"","ast-hfb-below-header-display":"","ast-hfb-mobile-header-display":"","site-post-title":"disabled","ast-breadcrumbs-content":"","ast-featured-img":"disabled","footer-sml-layout":"","theme-transparent-header-meta":"","adv-header-id-meta":"","stick-header-meta":"","header-above-stick-meta":"","header-main-stick-meta":"","header-below-stick-meta":"","astra-migrate-meta-layouts":"default","ast-page-background-enabled":"default","ast-page-background-meta":{"desktop":{"background-color":"var(--ast-global-color-4)","background-image":"","background-repeat":"repeat","background-position":"center center","background-size":"auto","background-attachment":"scroll","background-type":"","background-media":"","overlay-type":"","overlay-color":"","overlay-opacity":"","overlay-gradient":""},"tablet":{"background-color":"","background-image":"","background-repeat":"repeat","background-position":"center center","background-size":"auto","background-attachment":"scroll","background-type":"","background-media":"","overlay-type":"","overlay-color":"","overlay-opacity":"","overlay-gradient":""},"mobile":{"background-color":"","background-image":"","background-repeat":"repeat","background-position":"center center","background-size":"auto","background-attachment":"scroll","background-type":"","background-media":"","overlay-type":"","overlay-color":"","overlay-opacity":"","overlay-gradient":""}},"ast-content-background-meta":{"desktop":{"background-color":"var(--ast-global-color-5)","background-image":"","background-repeat":"repeat","background-position":"center center","background-size":"auto","background-attachment":"scroll","background-type":"","background-media":"","overlay-type":"","overlay-color":"","overlay-opacity":"","overlay-gradient":""},"tablet":{"background-color":"var(--ast-global-color-5)","background-image":"","background-repeat":"repeat","background-position":"center center","background-size":"auto","background-attachment":"scroll","background-type":"","background-media":"","overlay-type":"","overlay-color":"","overlay-opacity":"","overlay-gradient":""},"mobile":{"background-color":"var(--ast-global-color-5)","background-image":"","background-repeat":"repeat","background-position":"center center","background-size":"auto","background-attachment":"scroll","background-type":"","background-media":"","overlay-type":"","overlay-color":"","overlay-opacity":"","overlay-gradient":""}},"footnotes":""},"class_list":["post-2247","page","type-page","status-publish","hentry"],"_links":{"self":[{"href":"https:\/\/www.asspv.fr\/index.php\/wp-json\/wp\/v2\/pages\/2247","targetHints":{"allow":["GET"]}}],"collection":[{"href":"https:\/\/www.asspv.fr\/index.php\/wp-json\/wp\/v2\/pages"}],"about":[{"href":"https:\/\/www.asspv.fr\/index.php\/wp-json\/wp\/v2\/types\/page"}],"author":[{"embeddable":true,"href":"https:\/\/www.asspv.fr\/index.php\/wp-json\/wp\/v2\/users\/1"}],"replies":[{"embeddable":true,"href":"https:\/\/www.asspv.fr\/index.php\/wp-json\/wp\/v2\/comments?post=2247"}],"version-history":[{"count":32,"href":"https:\/\/www.asspv.fr\/index.php\/wp-json\/wp\/v2\/pages\/2247\/revisions"}],"predecessor-version":[{"id":3363,"href":"https:\/\/www.asspv.fr\/index.php\/wp-json\/wp\/v2\/pages\/2247\/revisions\/3363"}],"wp:attachment":[{"href":"https:\/\/www.asspv.fr\/index.php\/wp-json\/wp\/v2\/media?parent=2247"}],"curies":[{"name":"wp","href":"https:\/\/api.w.org\/{rel}","templated":true}]}}